{"id":2522,"date":"2022-09-02T14:16:00","date_gmt":"2022-09-02T12:16:00","guid":{"rendered":"https:\/\/www.bplusz-group.de\/?post_type=interview&#038;p=2522"},"modified":"2023-04-28T10:29:23","modified_gmt":"2023-04-28T08:29:23","slug":"j-zimmer","status":"publish","type":"interview","link":"https:\/\/www.bplusz-group.de\/en\/workatbplusz\/interview\/j-zimmer\/","title":{"rendered":"Jenny Zimmer"},"content":{"rendered":"    <section id=\"textblock_block_211c3823b5e33745d3930c5cb580c49d\" class=\"gp-textblock section position-relative  gp-block pt-5 pb-5 pb-lg-8\" data-aos=\"fade-zoom-in\" data-aos-duration=\"1000\">\n        <div class=\"container\">\n            <div class=\"row\">\n                <div class=\"content col-lg-7 col-md-10\">\n                                                                <figure id=\"attachment_2130\" class=\"wp-caption alignnone\" aria-describedby=\"caption-attachment-2130\"><figcaption id=\"caption-attachment-2130\" class=\"wp-caption-text\"><em>Jenny Zimmer, 29 Jahre, Teamleiterin im Bereich Kurier- und Express-Pakete bei der LOCA-24 GmbH in Hennigsdorf<\/em><\/figcaption><\/figure>\n<p><em>Wie f\u00fchlt es sich an, f\u00fcr BplusZ zu arbeiten. Lie\u00df jetzt unser spannendes Work@BplusZ Interview:<\/em><\/p>\n<p><em>In ihrer Wahlheimat Berlin hat die junge alleinerziehende Mutter einen neuen Anfang gewagt. Dieser f\u00fchrte sie \u00fcber eine Umschulung zur Rettungsdienst-Helferin zur\u00fcck in die Logistik, in der sie nun wieder gl\u00fccklich t\u00e4tig ist.<\/em><\/p>\n<p><em>Durch einen Zufall sah sie online die Jobanzeige von LOCA-24, eine Firma bei ihr \u201eum die Ecke\u201c. Sie \u00fcberzeugte beim Vorstellungsgespr\u00e4ch und nach dem Probetag war es nicht nur f\u00fcr sie, sondern auch f\u00fcr uns beschlossene Sache. Zur\u00fcck in den Paketdienstbereich. Endlich wieder im Transporter unterwegs sein und genau das richtige Team im R\u00fccken haben. \u00a0<\/em><\/p>\n<p><em>Recht schnell zeichnete sich ab, dass Jennifer, oder Jenny (wie wir sie bei uns alle nennen), das Zeug zur Teamleiterin hat. Jeden Tag wuchs sie ein kleines St\u00fcck \u00fcber sich hinaus.<\/em><\/p>\n<p><em>Sie fand sich nicht nur beim Auftraggeber schnell zurecht, sondern wuchs auch mit dem Team schnell zusammen.<\/em><\/p>\n<p><em>Trotz, dass der Paketdienst nicht immer ein einfacher Job ist, ist es genau das, was sie machen will. Sie sagt selbst: <\/em><\/p>\n<p style=\"text-align: center;\"><strong>\u201eWenn man in einem Job arbeitet, den man liebt, dann ist es keine Arbeit mehr, sondern eine Berufung\u201c.<\/strong><\/p>\n<p><em>Was sie an dem Job liebt, wie es zur Teamleiter-Position gekommen ist und was sie in ihrem Job so Witziges erlebt\u2026 Das erfahrt ihr im Interview.<\/em><\/p>\n                    \n                                    <\/div>\n                                                            <div class=\"col-lg-5 strips d-none d-md-block\">\n                            <svg width=\"400\" height=\"624\" viewBox=\"0 0 400 624\" fill=\"none\" xmlns=\"http:\/\/www.w3.org\/2000\/svg\">\n                                <path d=\"M214.712 0V385.348L230.498 406.789H377.228L395.419 385.333L395.464 0\" fill=\"#E6500A\"\/>\n                                <path d=\"M379.33 411.325H228.2L210.176 386.83V0H219.249V383.851L232.782 402.253H375.127L390.882 383.67L390.928 0H400L399.955 386.996L379.33 411.325Z\" fill=\"#233278\"\/>\n                                <path d=\"M4.53613 0V385.348L20.3069 406.789H167.052L185.242 385.333L185.288 0\" fill=\"#E6500A\"\/>\n                                <path d=\"M169.154 411.325H18.0237L0 386.83V0H9.07235V383.851L22.6053 402.253H164.95L180.706 383.67L180.751 0H189.824L189.778 386.996L169.154 411.325Z\" fill=\"#233278\"\/>\n                                <path d=\"M214.712 212V597.348L230.498 618.789H377.228L395.419 597.333L395.464 212\" fill=\"#E6500A\"\/>\n                                <path d=\"M379.33 623.325H228.2L210.176 598.83V212H219.249V595.851L232.782 614.253H375.127L390.882 595.67L390.928 212H400L399.955 598.996L379.33 623.325Z\" fill=\"#233278\"\/>\n                                <path d=\"M4.53613 212V597.348L20.3069 618.789H167.052L185.242 597.333L185.288 212\" fill=\"#E6500A\"\/>\n                                <path d=\"M169.154 623.325H18.0237L0 598.83V212H9.07235V595.851L22.6053 614.253H164.95L180.706 595.67L180.751 212H189.824L189.778 598.996L169.154 623.325Z\" fill=\"#233278\"\/>\n                            <\/svg>\n                        <\/div>\n                                                <\/div>\n        <\/div>\n    <\/section>\n        \n\n    <section id=\"textblock_block_0f9083a74fec8d3706efdcd509d172a9\" class=\"gp-textblock section position-relative  gp-block pt-0 pb-5 pb-lg-8\" data-aos=\"fade-zoom-in\" data-aos-duration=\"1000\">\n        <div class=\"container\">\n            <div class=\"row\">\n                <div class=\"content col-lg-7 col-md-10\">\n                                <h2 class=\" \"><p style=\"text-align: center;\">Interview\n<\/h2>\n                                                <p style=\"text-align: center;\"><em><strong>-der Start und die Logistik, die sie nicht loslie\u00df-<\/strong><\/em><\/p>\n<p><em><strong>BplusZ:\u00a0<\/strong><\/em><em>Seit wann bist Du bei LOCA-24?<\/em><\/p>\n<p><em><strong>Jenny:<\/strong><\/em><em>\u00a0Seit Mai 2021. Noch gar nicht so lange, f\u00fchlt sich aber anders an. Nicht, weil es mir so lange vorkommt, sondern weil es irgendwie keiner vermutet. Ich wurde von meiner Unit Managerin und vom Team halt perfekt integriert.<\/em><\/p>\n<p><em>Ich bin 2020 aus Rheinland-Pfalz gekommen. Bin aber in der Branche gro\u00df geworden und wollte dann auch hier bei Berlin nach einem kleinen Schwenker in einem anderen Bereich, dann doch wieder in dieser Branche bleiben.<\/em><\/p>\n<p><em><strong>BplusZ:\u00a0<\/strong><\/em><em>Warst Du vorher auch im Paketdienst unterwegs?<\/em><\/p>\n<p><em><strong>Jenny:\u00a0<\/strong><\/em><em>Ich habe in der Branche gelernt. Man kann sagen, seit ich fahren kann bin ich da auch unterwegs. Auch in unterschiedlichen Bereichen was die Sendungen angeht. Es war nicht neu f\u00fcr mich.<\/em><\/p>\n<p><em><strong>BplusZ:\u00a0<\/strong><\/em><em>Du sagtest, die Logistik w\u00e4re Dir in die Wiege gelegt worden. Waren Deine Eltern auch in diesem Bereich t\u00e4tig?<\/em><\/p>\n<p><em><strong>Jenny:\u00a0<\/strong><\/em><em>Sie waren schon immer im Lager und der Auslieferung. Ich war oft bei meiner Mutter, habe mitgeholfen und zugesehen. In den Ferien mir was dazu verdient. Ich habe mich in der Lager-Logistik immer wohlgef\u00fchlt.<\/em><\/p>\n<p><em>Es war f\u00fcr mich der beste Weg.<\/em><\/p>\n<p><em><strong>BplusZ:\u00a0<\/strong><\/em><em>Warum dann erst noch die Umschulung zum Rettungsdienst-Helfer?<\/em><\/p>\n<p><em><strong>Jenny:\u00a0<\/strong><\/em><em>Ich wollte schon immer viel machen und fand den Job faszinierend. Hatte mich da mal reingelesen und mich informiert. Die M\u00f6glichkeiten waren halt mit dem Job auch gro\u00df.<\/em><\/p>\n<p><em>Durch die Geburt meiner Tochter war die ganze Paketbranche etwas in Vergessenheit geraten. Am Ende hat sie mich dann bei Euch doch wieder gepackt.<\/em><\/p>\n<p><em><strong>BplusZ:<\/strong><\/em>\u00a0<em>Wie hast Du damals von dem Job bei LOCA-24 erfahren?<\/em><\/p>\n<p><em><strong>Jenny:\u00a0<\/strong><\/em><em>Durch Zufall. Ich wollte mich eigentlich beruflich ver\u00e4ndern. Durch die Geburt meiner Kleinen und durch meinen Umzug in den Berliner Raum. Ich hatte dann eine Umschulung zur Rettungsdienst-Helferin gemacht und wollte eigentlich nicht mehr zur\u00fcck in den Paketdienst. Die Stellenanzeige von LOCA-24 hatte ich online gesehen und dachte: \u201eHey\u2026 also das ist jetzt das letzte Mal, dass Du Dich im Paketdienst bewirbst und auch zur Probe arbeitest.\u201c Es war gleich um die Ecke und damals war ich alleinerziehend. Da war der kurze Arbeitsweg einfach super.<\/em><\/p>\n<p><em><strong>BplusZ:\u00a0<\/strong><\/em><em>Hast Du Dich dann nur wegen des geringen Fahrtweges f\u00fcr LOCA-24 entscheiden oder was war der ausschlaggebende Punkt?<\/em><\/p>\n<p><em><strong>Jenny:<\/strong><\/em><em><strong>\u00a0\u00a0<\/strong><\/em><em>Ich war da und wusste sofort: \u201eDas hier wird nicht nur zur \u00dcberbr\u00fcckung\u201c. Ich mag Menschen, die ein bisschen verr\u00fcckt sind und die mich akzeptieren wie ich bin. Der Probearbeitstag hat mir gezeigt, dass ich hier genau richtig bin. Es war so ein sch\u00f6ner und lustiger Tag.<\/em><\/p>\n<p><em>Auch die Unit Managerin war super. Mit ihr hatte ich mich nach dem Probetag noch eine ganze Weile unterhalten. Wir waren gleich auf einer Wellenl\u00e4nge. Das Team, das Zwischenmenschliche und der Zusammenhalt sind mir mega wichtig.<\/em><\/p>\n<p><em>Mittlerweile habe ich hier auch einige echte Freunde gefunden, mit denen ich abends auch mal zusammen grille oder so.<\/em><\/p>\n<p>&nbsp;<\/p>\n<p style=\"text-align: center;\"><em><strong>-was ihr bei uns gef\u00e4llt und die Position als Teamleiterin-<\/strong><\/em><\/p>\n<p><em><strong>BplusZ:\u00a0<\/strong><\/em><em>Wir betonen ja gern auch mal, dass wir eine Logistikfamilie sind. Mit der Aussage gehst Du mit, oder?<\/em><\/p>\n<p><em><strong>Jenny:\u00a0<\/strong><\/em><em>Definitiv. Ich war auch ab und an schon im B\u00fcro und habe schon mit einigen Kolleginnen oder Kollegen, die auch in anderen Bereichen bei uns im Konzern arbeiten, zu tun. Man hatte nie das Gef\u00fchl \u201eMan ist LOCA-24, man ist LOCA LOGISTIK oder man ist Busse + Zerbe\u201c. Man hat immer das Gef\u00fchl, man geh\u00f6rt zusammen. Unterst\u00fctzt sich zwischen allen Unternehmen in der Unternehmensgruppe. Das ist auch etwas, was ich sehr sch\u00e4tze.<\/em><\/p>\n<p><em><strong>BplusZ:\u00a0<\/strong><\/em><em>Gibt es noch etwas, was Dir bei uns gut gef\u00e4llt?<\/em><\/p>\n<p><em><strong>Jenny:\u00a0<\/strong><\/em><em>Speziell meine Unit Managerin. Sie hat mir sofort Vertrauen entgegengebracht. Man merkt, wenn die Firma Potenzial erkennt, ist sie gern bereit, zu f\u00f6rdern, zu investieren und einen Mitarbeiter weiterzuentwickeln.<\/em><\/p>\n<p><em>So ist sie auch auf mich damals zugekommen und hat mir vorgeschlagen, Teamleiterin zu werden. Ich hatte gleich ein richtig gutes Gef\u00fchl und das hatte ich in meinem Leben nicht bei jedem Arbeitgeber.<\/em><\/p>\n<p><em><strong>BplusZ:\u00a0<\/strong><\/em><em>\u00a0Wie war das mit der Position als Teamleiterin?<\/em><\/p>\n<p><em><strong>Jenny:<\/strong><\/em>\u00a0<em>Es war erst etwas strittig. Meine Unit Managerin hat in mir etwas mehr gesehen als mein Branch Manager. Aber auch nur, weil er nicht so eng mit mir direkt gearbeitet hat. Meine Unit Managerin, Manuela Sch\u00fcler, hat sich sehr f\u00fcr mich eingesetzt.<\/em><\/p>\n<p><em>Innerhalb des ersten halben Jahres war ich so weit, dass ich den gr\u00f6bsten \u00dcberblick \u00fcber all unsere Touren hatte. Dann hatte ich ein sehr gutes Team hinter mir, f\u00fcr welches ich irgendwie schon ab Anfang an Teamleiterin war.<\/em><\/p>\n<p><em>So richtig ging es dann ab November letzten Jahres los. Da war dann auch der Branch Manager von mir total \u00fcberzeugt.<\/em><\/p>\n<p><em>Ich bin daf\u00fcr sehr dankbar, dass mir diese Chance auch gegeben wurde und ich so meinen Platz finden konnte.\u00a0<strong>Man hat mir Mut gemacht<\/strong>. Ich bin nicht die Gr\u00f6\u00dfte und noch relativ jung, aber mir wurde die Chance gegeben und ich habe sie ergriffen. Bin an meine Grenzen gegangen, wusste aber auch immer, dass ich nie allein gelassen werde. Man bringt Vorschl\u00e4ge und wird geh\u00f6rt.<\/em><\/p>\n<p><em><strong>BplusZ:\u00a0<\/strong><\/em><em>Man h\u00f6rt auf jeden Fall heraus, dass Du gl\u00fccklich bist. Auch, wenn es nicht immer rund l\u00e4uft, bist Du es, oder?<\/em><\/p>\n<p><em><strong>Jenny:\u00a0<\/strong><\/em><em>Klar gibt es auch Tage, bei denen ich fr\u00fch sage: \u201eBoah, jetzt habe ich keinen Bock mehr\u201c, aber ich bin auch nur ein Mensch. Und die ganze Situation mit Corona, dann auch privat mit Kind. Manchmal kommt man halt an seine Grenzen. Aber dann kommt ein Anruf vom Team und gleich ist irgendwie alles wieder gut.\u00a0<strong>Hier bin ich richtig und gl\u00fccklich<\/strong><strong>.<\/strong><\/em><\/p>\n<p>&nbsp;<\/p>\n<p style=\"text-align: center;\"><em><strong>-auf was sie bei einem Arbeitgeber Wert legt-<\/strong><\/em><\/p>\n<p><em><strong>BplusZ:\u00a0<\/strong><\/em><em>Was m\u00fcsste passieren, dass Du bei uns nicht mehr arbeiten wollen w\u00fcrdest?<\/em><\/p>\n<p><em><strong>Jenny:\u00a0\u00a0<\/strong><\/em><em>F\u00fcr mich ist es relativ einfach, diese Frage zu beantworten, weil mir sofort klar war, was mir an meinem Job liegt.<\/em><\/p>\n<p><em>Ich kann noch so stark sein, aber ich kann niemals st\u00e4rker sein als das Team, was hinter mir steht. Ich brauch mein Team, um stark zu sein.\u00a0<strong>Ich liebe meinen Job, weil ich gesch\u00e4tzt werde. Weil ich respektiert und auch integriert werde.<\/strong>\u00a0 F\u00fcr mich pers\u00f6nlich als Frau war es in der Vergangenheit bei anderen Arbeitgebern nicht so einfach. Hier ist das kein Problem.<\/em><\/p>\n<p><em>Wertsch\u00e4tzung. Das ist f\u00fcr mich wichtig. Und wenn ich das hier verlieren w\u00fcrde, dann w\u00fcrde ich mich fragen, ob ich hier noch richtig bin. Klar, Geld ist auch wichtig, doch mir ist es genauso wichtig, mit einem guten Gef\u00fchl auf Arbeit zu fahren.<\/em><\/p>\n<p><em>Wir leisten alle Enormes. Alle meine Jungs im Team sind so starke Menschen. Was sie da jeden Tag leisten ist nicht mal eben von der Schulter gehopst, sondern die arbeiten wirklich hart. Das Unternehmen und auch ich sch\u00e4tzen das unglaublich.<\/em><\/p>\n<p><em>Leider ist es in der Branche so, dass man schnell als Nummer gesehen wird. Das ist aber nicht bei uns so.<\/em><\/p>\n<p><em><strong>BplusZ:\u00a0<\/strong><\/em><em>Was findest Du noch gut an unserer Firma?<\/em><\/p>\n<p><em><strong>Jenny:\u00a0<\/strong><\/em><em>Eventuell kann man den Job als Auslieferungsfahrerin vielleicht nicht bis zur Rente machen. Aber es gibt in dieser Unternehmensgruppe so viele Ausweichm\u00f6glichkeiten. Dir wird erm\u00f6glicht, den LKW-F\u00fchrerschein zu machen. Wenn man die Kompetenz hat, evtl. ins B\u00fcro zu wechseln oder Ausbilder zu werden.<\/em><\/p>\n<p><em>Man ist in einer Firma, in der man aufgehen kann, in der man Chancen hat und in der man sich entwickeln kann.<\/em><\/p>\n<p><em><strong>Ich bin stolz, Teil von so einem Team zu sein.<\/strong><\/em><\/p>\n<p>&nbsp;<\/p>\n<p style=\"text-align: center;\"><em><strong>-ihre Unit Managerin und die Organisation-<\/strong><\/em><\/p>\n<p><em><strong>BplusZ:\u00a0<\/strong><\/em><em>Hast Du weiterhin einen guten Draht zu Deiner Unit Managerin?<\/em><\/p>\n<p><em><strong>Jenny:\u00a0<\/strong><\/em><em>Meine Unit Managerin, Manuela Sch\u00fcler, ist wirklich super. Wir haben ein richtig gutes Verh\u00e4ltnis. Wir unterst\u00fctzen uns aber auch in jeder Situation und ich wei\u00df, dass ich mich auf sie 100% verlassen kann. Sie steht nicht da und sagt \u201eAlso das ist jetzt hier nicht mein Job. Das mach ich nicht\u201c, sondern sie packt mit an, wenn Not am Mann ist. Man wei\u00df genau, wenn man sie anruft und sagt \u201eIch brauch Dich dringend\u201c, dann ist sie da. Das war so von Anfang an.<\/em><\/p>\n<p><em><strong>BplusZ:<\/strong><\/em>\u00a0<em>\u00a0<\/em><em>Hattest Du als \u201ekleine Frau\u201c jemals das Problem, im Job diskriminiert zu werden?<\/em><\/p>\n<p><em><strong>Jenny:\u00a0<\/strong><\/em><em>Also die Jungs machen sich vielleicht mal einen kleinen Spa\u00df da draus. Gerade am Anfang h\u00f6rte ich \u00f6fter \u201ekleiner H\u00fcpfer\u201c, aber ich habe ihnen bewiesen, dass man mich nicht untersch\u00e4tzen sollte. Es ist kein Diskriminieren, sondern h\u00f6chstens Necken. Diskriminierung w\u00fcrde bei uns auch nicht toleriert werden. Auch von den Gesch\u00e4ftsf\u00fchrern nicht.<\/em><\/p>\n<p><em><strong>BplusZ:\u00a0<\/strong><\/em><em>Bringst Du den Job und Privatleben gut unter einen Hut?<\/em><\/p>\n<p><em><strong>Jenny:\u00a0<\/strong><\/em><em>Ich war ja eine Weile alleinerziehend und hab dann meinen Partner f\u00fcrs Leben gefunden, welcher auch in der Logistik arbeitet. Zusammen ist da jetzt schon einiges leichter. Vorher war es schon schwierig, weil ich schwer zu bremsen bin.<\/em><\/p>\n<p><em><strong>BplusZ:\u00a0<\/strong><\/em><em>Wie meinst Du das genau?<\/em><\/p>\n<p><em><strong>Jenny:\u00a0<\/strong><\/em><em>Ich musste aufpassen, dass mein privates Umfeld nicht unter meiner Arbeit und meinem Einsatz dort leidet, weil ich den Job halt einfach mega gern mache. Ich musste manchmal auch etwas zeitversetzt arbeiten, um alles gut organisiert zu bekommen, aber ich wurde wegen dieser Extra-Wurst nie verurteilt von meinen Kollegen. Da war immer Verst\u00e4ndnis da.<\/em><\/p>\n<p>&nbsp;<\/p>\n<p style=\"text-align: center;\"><em><strong>-Transporter und LKW-<\/strong><\/em><\/p>\n<p><em><strong>BplusZ:\u00a0<\/strong><\/em><em>In der Zeit seit Du bei uns bist, was bist Du so f\u00fcr Fahrzeuge gefahren?<\/em><\/p>\n<p><em><strong>Jenny:\u00a0<\/strong><\/em><em>Mercedes Sprinter, VW Crafter, MAN und auf dem Hof mal unseren Rangier-LKW. Das Letztere aber nur, weil es kein \u00f6ffentliches Gel\u00e4nde war.<\/em><\/p>\n<p><em><strong>BplusZ:\u00a0<\/strong><\/em><em>Wenn Du Dir davon einen aussuchen k\u00f6nntest, welcher w\u00e4re das?<\/em><\/p>\n<p><em><strong>Jenny:\u00a0<\/strong><\/em><em>Dann auf jeden Fall den Mercedes Sprinter. Gerade die \u00e4lteren Modelle. Die sind wenig, haben viel Platz, verbrauchen nicht so viel, sind aber auch nicht so anf\u00e4llig.<\/em><\/p>\n<p><em>Die neuen MAN sehen auch gut aus. Gerade die Neuen, die kommen. Sie haben aber einen gro\u00dfen Wendekreis. Dies k\u00f6nnte vielleicht im Stadtbetrieb zu einer Herausforderung werden. Ich freue mich trotzdem sehr auf die neuen Fahrzeuge und diese wurden ja nicht ohne Grund ausgesucht.<\/em><\/p>\n<p><em><strong>BplusZ:\u00a0<\/strong><\/em><em>Hattest Du schon mal einen Unfall?<\/em><\/p>\n<p><em><strong>Jenny:\u00a0<\/strong><\/em><em>Toi, toi, toi, bisher noch nicht. Man muss halt im Stra\u00dfenkehr viel f\u00fcr andere Teilnehmer mitdenken. Ich habe schon verungl\u00fcckte Transporter gesehen und bin sehr froh, dass ich das noch nicht miterleben musste.<\/em><\/p>\n<p><em>Sicher passieren auch Unf\u00e4lle wegen Handy in der Hand, Unachtsamkeit, \u00dcberm\u00fcdung, etc. Es kann viele Gr\u00fcnde geben.<\/em><\/p>\n<p><em><strong>BplusZ:<\/strong><\/em>\u00a0<em>M\u00f6chtest Du auch mal gro\u00dfe LKW fahren und den F\u00fchrerschein dazu machen?<\/em><\/p>\n<p><em><strong>Jenny:<\/strong><\/em>\u00a0<em>Es steht im Raum, dass ich den gro\u00dfen F\u00fchrerschein machen werde. Ein Traum von mir w\u00e4re es auf jeden Fall.<\/em><\/p>\n<p><em>Wenn es mal etwas ruhiger geworden ist, werde ich das mal angehen. Zurzeit haben wir jede Menge zu tun. Und vor allem, wenn meine Tochter aus dem Gr\u00f6bsten raus ist. Ich bin realistisch und f\u00fcr mich ist es jetzt gerade ein schlechter Zeitpunkt.<\/em><\/p>\n<p><em>Es ist ein Job, da muss man auch flexibel zu sein. Viele F\u00fchrerschein-Neulinge wollen gleich gro\u00dfe LKW fahren und auch FV. Das ist aber nicht ganz optimal mit Familie.<\/em><\/p>\n<p>&nbsp;<\/p>\n<p style=\"text-align: center;\"><em><strong>-was man auf Tour so verr\u00fccktes erlebt-<\/strong><\/em><\/p>\n<p><em><strong>BplusZ:\u00a0<\/strong><\/em><em>Was ist das Verr\u00fcckteste, was Du auf Tour erlebt hast?<\/em><\/p>\n<p><em><strong>Jenny:\u00a0<\/strong><\/em><em>Storys erlebe ich jeden Tag aufs Neue. Wenn man positiv ist und aufgeschlossen, dann wird man von den Kunden auch gemocht. Und wenn ich lange Mal eine bestimmte Tour nicht gefahren bin und dann fahr ich mal wieder dort, dann freuen die sich schon sehr, einen wiederzusehen.<\/em><\/p>\n<p><em>Ganz speziell im Kopf ist mir aber eine Situation geblieben. Ich war bei einer Kundin, stand in der T\u00fcr und wollte ein recht gro\u00dfes Paket bei ihr zustellen. Die Frau sieht mich dort stehen, neben mir das Paket und sagte: \u201eIch m\u00f6chte sofort die Nummer von Ihrem Chef haben. Ich rufe den sofort an. Es kann doch nicht sein, dass sie kleine Frau so einen schweren Job hier machen m\u00fcssen. Es ist unverantwortlich! Ich zeige den an!\u201c Ich habe ihr nat\u00fcrlich dann direkt gesagt, dass ich den Job gern mache und sogar freiwillig. Das war total verr\u00fcckt, weil sie das auch komplett ernst meinte und alles etwas aggressiv sagte.<\/em><\/p>\n<p><em>Sie wollte auch, dass ich rein komme und was trinke. Sie hat mir sogar etwas zu essen angeboten. Das werde ich nie vergessen. Das war schon irgendwie s\u00fc\u00df, aber auch total verr\u00fcckt.<\/em><\/p>\n<p><em>Manche Kunden sind auch einfach total nett, weil man ihnen ja genauso entgegenkommt. Die schenken einem Eis oder geben einem eine Flasche Wasser. In einer Apotheke habe ich letztens Sonnenmilch geschenkt bekommen, damit ich auch wirklich keinen Sonnenbrand kriege.<\/em><\/p>\n<p><em>Man wird halt gemocht, obwohl man dich gar nicht kennt.<\/em><\/p>\n<p><em>Letzte Woche habe ich einen Teppich angeliefert und da waren M\u00f6belpacker, weil da jemand eingezogen ist. Als ich dann den Teppich zugestellt habe und auf dem R\u00fcckweg an denen vorbei ging, haben sie mir eine Visitenkarte zugesteckt und gesagt, ich kann mich sehr gern auch bei denen bewerben.<\/em><\/p>\n<p>&nbsp;<\/p>\n<p style=\"text-align: center;\"><em><strong>-Privatleben und wie das so mit der neuen Generation ist-<\/strong><\/em><\/p>\n<p><em><strong>BplusZ:\u00a0<\/strong><\/em><em>\u00a0Was machst Du so, wenn Du nicht im Transporter unterwegs bist?<\/em><\/p>\n<p><em><strong>Jenny:\u00a0<\/strong><\/em><em>Ich liebe das Zeichnen. Das gef\u00e4llt mir, weil ich hier mich mal zwingen muss, ruhig zu sein. Dann verbringe ich total gern Zeit mit meinen Freunden. Im Garten sitzen, was trinken, Musik h\u00f6ren und quatschen. Ich fahr auch gern Quad und spiele gern Fu\u00dfball. Aber das Allerwichtigste ist die Zeit mit meiner Familie. Vor allem mit meiner Tochter. Ich genie\u00dfe es, am Wochenende die Seele baumeln zu lassen und die Zeit gemeinsam zu haben.<\/em><\/p>\n<p><em><strong>BplusZ:<\/strong><\/em>\u00a0<em>\u00a0Der Job des Auslieferungsfahrers wurde in den letzten Jahren in den Medien nicht so sch\u00f6n dargestellt und wie \u00fcberall fehlt es an Nachwuchs in der Branche. Hast Du das Gef\u00fchl, dass es schlimmer oder besser geworden ist?<\/em><\/p>\n<p><em><strong>Jenny:\u00a0<\/strong><\/em><em>Ich sehe dem kritisch entgegen. Der Bedarf an neuen Fahrern w\u00e4chst stetig. Gerade durch Corona bestellen die Leute immer und immer mehr. Sie sind tr\u00e4ge geworden, ihre Dinge im normalen Einzelhandel zu kaufen. Der Nachwuchs, also die neuen Fahrer sind auch sehr anspruchsvoll. Das ist aber, denke ich, eine generelle Generationssache.\u00a0<\/em><\/p>\n<p><em>Bei Facebook, TikTok und \u00fcberall wird vermittelt, dass man ja auch so einfach anders Geld verdienen kann. Das schadet den handwerklichen Berufen und den Dienstleistern immens, weil es immer schwerer wird, Nachwuchskr\u00e4fte zu finden.<\/em><\/p>\n<p><em>Sie wollen mit wenig Arbeit viel Geld verdienen.<\/em><\/p>\n<p>&nbsp;<\/p>\n<p style=\"text-align: center;\"><em><strong>-Benefits und Ratschl\u00e4ge-<\/strong><\/em><\/p>\n<p><em><strong>BplusZ:\u00a0<\/strong><\/em><em>Gibt es etwas, was wir machen k\u00f6nnen, um als Arbeitgeber attraktiver zu werden?<\/em><\/p>\n<p><em><strong>Jenny:\u00a0<\/strong><\/em><em>Klar. \u00dcber Geld l\u00e4sst sich viel regulieren. Aber wenn der Mitarbeiter vom Kopf her oder vom K\u00f6rperlichen her einfach nicht machen will oder kann, wird das auch nichts.<\/em><\/p>\n<p><em>Ich pers\u00f6nlich bin f\u00fcr den Job geboren. Ihr macht ja schon so viel und k\u00fcmmert Euch super um Eure Leute.<\/em><\/p>\n<p><em>Durch Corona war alles rund um Teamevents sehr eingeschr\u00e4nkt bis gar nicht m\u00f6glich. Ich freue mich sehr, wenn wir wieder das n\u00e4chste Event zusammen machen k\u00f6nnen.<\/em><\/p>\n<p><em>Wir waren auch schon zusammen beim Fahr-Sicherheits-Training und das hat uns allen so viel gegeben. Pers\u00f6nlich hat man Know-how bekommen und auch im Team zusammen was zu machen und zu erleben.<\/em><\/p>\n<p><em><strong>BplusZ:\u00a0<\/strong><\/em><em>Welchen Rat w\u00fcrdest Du einem neuen Auslieferungsfahrer mitgegeben?<\/em><\/p>\n<p><em><strong>Jenny:\u00a0<\/strong><\/em><em>Definitiv niemals unterkriegen lassen. Auch, wenn es mal schwierig ist, die Pobacken zusammenkneifen und vor allem auch mal was riskieren und sich selbst nicht aufgegeben. Sich selbst auch mal mehr zutrauen. Man w\u00e4chst da rein, wenn man es will und es wirklich probiert.<\/em><\/p>\n<p><em>M\u00f6chtest Du noch mehr \u00fcber uns erfahren, dann folge diesem\u00a0<a href=\"https:\/\/www.facebook.com\/bpluszgroup\">Link<\/a>.\u00a0 Weitere Mitarbeiter-Interviews findest Du\u00a0<a href=\"https:\/\/www.bplusz-group.de\/blog\/\">hier<\/a>.<\/em><\/p>\n<p><em>Interview: Melanie Kahl<\/em><\/p>\n<p><em>*Aus Gr\u00fcnden der besseren Lesbarkeit wird auf die gleichzeitige Verwendung der Sprachformen m\u00e4nnlich, weiblich und divers (m\/w\/d) verzichtet. S\u00e4mtliche Personenbezeichnungen gelten gleicherma\u00dfen f\u00fcr alle Geschlechter<\/em><\/p>\n                    \n                                    <\/div>\n                                                            <div class=\"col-lg-5 strips d-none d-md-block\">\n                            <svg width=\"400\" height=\"624\" viewBox=\"0 0 400 624\" fill=\"none\" xmlns=\"http:\/\/www.w3.org\/2000\/svg\">\n                                <path d=\"M214.712 0V385.348L230.498 406.789H377.228L395.419 385.333L395.464 0\" fill=\"#E6500A\"\/>\n                                <path d=\"M379.33 411.325H228.2L210.176 386.83V0H219.249V383.851L232.782 402.253H375.127L390.882 383.67L390.928 0H400L399.955 386.996L379.33 411.325Z\" fill=\"#233278\"\/>\n                                <path d=\"M4.53613 0V385.348L20.3069 406.789H167.052L185.242 385.333L185.288 0\" fill=\"#E6500A\"\/>\n                                <path d=\"M169.154 411.325H18.0237L0 386.83V0H9.07235V383.851L22.6053 402.253H164.95L180.706 383.67L180.751 0H189.824L189.778 386.996L169.154 411.325Z\" fill=\"#233278\"\/>\n                                <path d=\"M214.712 212V597.348L230.498 618.789H377.228L395.419 597.333L395.464 212\" fill=\"#E6500A\"\/>\n                                <path d=\"M379.33 623.325H228.2L210.176 598.83V212H219.249V595.851L232.782 614.253H375.127L390.882 595.67L390.928 212H400L399.955 598.996L379.33 623.325Z\" fill=\"#233278\"\/>\n                                <path d=\"M4.53613 212V597.348L20.3069 618.789H167.052L185.242 597.333L185.288 212\" fill=\"#E6500A\"\/>\n                                <path d=\"M169.154 623.325H18.0237L0 598.83V212H9.07235V595.851L22.6053 614.253H164.95L180.706 595.67L180.751 212H189.824L189.778 598.996L169.154 623.325Z\" fill=\"#233278\"\/>\n                            <\/svg>\n                        <\/div>\n                                                <\/div>\n        <\/div>\n    <\/section>\n        ","protected":false},"featured_media":2523,"template":"","class_list":["post-2522","interview","type-interview","status-publish","has-post-thumbnail"],"acf":[],"yoast_head":"<title>Jenny Zimmer - Busse plus Zerbe<\/title>\n<meta name=\"robots\" content=\"index, follow, max-snippet:-1, max-image-preview:large, max-video-preview:-1\" \/>\n<link rel=\"canonical\" href=\"https:\/\/www.bplusz-group.de\/workatbplusz\/interview\/j-zimmer\/\" \/>\n<meta property=\"og:locale\" content=\"en_US\" \/>\n<meta property=\"og:type\" content=\"article\" \/>\n<meta property=\"og:title\" content=\"Jenny Zimmer - Busse plus Zerbe\" \/>\n<meta property=\"og:url\" content=\"https:\/\/www.bplusz-group.de\/workatbplusz\/interview\/j-zimmer\/\" \/>\n<meta property=\"og:site_name\" content=\"Busse plus Zerbe\" \/>\n<meta property=\"article:modified_time\" content=\"2023-04-28T08:29:23+00:00\" \/>\n<meta property=\"og:image\" content=\"https:\/\/www.bplusz-group.de\/content\/uploads\/2022\/09\/Blogbeitrag-Vorschau.jpg\" \/>\n\t<meta property=\"og:image:width\" content=\"768\" \/>\n\t<meta property=\"og:image:height\" content=\"512\" \/>\n\t<meta property=\"og:image:type\" content=\"image\/jpeg\" \/>\n<meta name=\"twitter:card\" content=\"summary_large_image\" \/>\n<script type=\"application\/ld+json\" class=\"yoast-schema-graph\">{\"@context\":\"https:\/\/schema.org\",\"@graph\":[{\"@type\":\"WebPage\",\"@id\":\"https:\/\/www.bplusz-group.de\/workatbplusz\/interview\/j-zimmer\/\",\"url\":\"https:\/\/www.bplusz-group.de\/workatbplusz\/interview\/j-zimmer\/\",\"name\":\"Jenny Zimmer - Busse plus Zerbe\",\"isPartOf\":{\"@id\":\"https:\/\/www.bplusz-group.de\/#website\"},\"datePublished\":\"2022-09-02T12:16:00+00:00\",\"dateModified\":\"2023-04-28T08:29:23+00:00\",\"breadcrumb\":{\"@id\":\"https:\/\/www.bplusz-group.de\/workatbplusz\/interview\/j-zimmer\/#breadcrumb\"},\"inLanguage\":\"en-US\",\"potentialAction\":[{\"@type\":\"ReadAction\",\"target\":[\"https:\/\/www.bplusz-group.de\/workatbplusz\/interview\/j-zimmer\/\"]}]},{\"@type\":\"BreadcrumbList\",\"@id\":\"https:\/\/www.bplusz-group.de\/workatbplusz\/interview\/j-zimmer\/#breadcrumb\",\"itemListElement\":[{\"@type\":\"ListItem\",\"position\":1,\"name\":\"Startseite\",\"item\":\"https:\/\/www.bplusz-group.de\/en\/\"},{\"@type\":\"ListItem\",\"position\":2,\"name\":\"Jenny Zimmer\"}]},{\"@type\":\"WebSite\",\"@id\":\"https:\/\/www.bplusz-group.de\/#website\",\"url\":\"https:\/\/www.bplusz-group.de\/\",\"name\":\"Busse plus Zerbe\",\"description\":\"\",\"publisher\":{\"@id\":\"https:\/\/www.bplusz-group.de\/#organization\"},\"potentialAction\":[{\"@type\":\"SearchAction\",\"target\":{\"@type\":\"EntryPoint\",\"urlTemplate\":\"https:\/\/www.bplusz-group.de\/?s={search_term_string}\"},\"query-input\":\"required name=search_term_string\"}],\"inLanguage\":\"en-US\"},{\"@type\":\"Organization\",\"@id\":\"https:\/\/www.bplusz-group.de\/#organization\",\"name\":\"Busse plus Zerbe\",\"url\":\"https:\/\/www.bplusz-group.de\/\",\"logo\":{\"@type\":\"ImageObject\",\"inLanguage\":\"en-US\",\"@id\":\"https:\/\/www.bplusz-group.de\/#\/schema\/logo\/image\/\",\"url\":\"https:\/\/www.bplusz-group.de\/content\/uploads\/2023\/03\/bplusz-group-logo.svg\",\"contentUrl\":\"https:\/\/www.bplusz-group.de\/content\/uploads\/2023\/03\/bplusz-group-logo.svg\",\"caption\":\"Busse plus Zerbe\"},\"image\":{\"@id\":\"https:\/\/www.bplusz-group.de\/#\/schema\/logo\/image\/\"}}]}<\/script>","yoast_head_json":{"title":"Jenny Zimmer - Busse plus Zerbe","robots":{"index":"index","follow":"follow","max-snippet":"max-snippet:-1","max-image-preview":"max-image-preview:large","max-video-preview":"max-video-preview:-1"},"canonical":"https:\/\/www.bplusz-group.de\/workatbplusz\/interview\/j-zimmer\/","og_locale":"en_US","og_type":"article","og_title":"Jenny Zimmer - Busse plus Zerbe","og_url":"https:\/\/www.bplusz-group.de\/workatbplusz\/interview\/j-zimmer\/","og_site_name":"Busse plus Zerbe","article_modified_time":"2023-04-28T08:29:23+00:00","og_image":[{"width":768,"height":512,"url":"https:\/\/www.bplusz-group.de\/content\/uploads\/2022\/09\/Blogbeitrag-Vorschau.jpg","type":"image\/jpeg"}],"twitter_card":"summary_large_image","schema":{"@context":"https:\/\/schema.org","@graph":[{"@type":"WebPage","@id":"https:\/\/www.bplusz-group.de\/workatbplusz\/interview\/j-zimmer\/","url":"https:\/\/www.bplusz-group.de\/workatbplusz\/interview\/j-zimmer\/","name":"Jenny Zimmer - Busse plus Zerbe","isPartOf":{"@id":"https:\/\/www.bplusz-group.de\/#website"},"datePublished":"2022-09-02T12:16:00+00:00","dateModified":"2023-04-28T08:29:23+00:00","breadcrumb":{"@id":"https:\/\/www.bplusz-group.de\/workatbplusz\/interview\/j-zimmer\/#breadcrumb"},"inLanguage":"en-US","potentialAction":[{"@type":"ReadAction","target":["https:\/\/www.bplusz-group.de\/workatbplusz\/interview\/j-zimmer\/"]}]},{"@type":"BreadcrumbList","@id":"https:\/\/www.bplusz-group.de\/workatbplusz\/interview\/j-zimmer\/#breadcrumb","itemListElement":[{"@type":"ListItem","position":1,"name":"Startseite","item":"https:\/\/www.bplusz-group.de\/en\/"},{"@type":"ListItem","position":2,"name":"Jenny Zimmer"}]},{"@type":"WebSite","@id":"https:\/\/www.bplusz-group.de\/#website","url":"https:\/\/www.bplusz-group.de\/","name":"Busse plus Zerbe","description":"","publisher":{"@id":"https:\/\/www.bplusz-group.de\/#organization"},"potentialAction":[{"@type":"SearchAction","target":{"@type":"EntryPoint","urlTemplate":"https:\/\/www.bplusz-group.de\/?s={search_term_string}"},"query-input":"required name=search_term_string"}],"inLanguage":"en-US"},{"@type":"Organization","@id":"https:\/\/www.bplusz-group.de\/#organization","name":"Busse plus Zerbe","url":"https:\/\/www.bplusz-group.de\/","logo":{"@type":"ImageObject","inLanguage":"en-US","@id":"https:\/\/www.bplusz-group.de\/#\/schema\/logo\/image\/","url":"https:\/\/www.bplusz-group.de\/content\/uploads\/2023\/03\/bplusz-group-logo.svg","contentUrl":"https:\/\/www.bplusz-group.de\/content\/uploads\/2023\/03\/bplusz-group-logo.svg","caption":"Busse plus Zerbe"},"image":{"@id":"https:\/\/www.bplusz-group.de\/#\/schema\/logo\/image\/"}}]}},"_links":{"self":[{"href":"https:\/\/www.bplusz-group.de\/en\/wp-json\/wp\/v2\/interview\/2522","targetHints":{"allow":["GET"]}}],"collection":[{"href":"https:\/\/www.bplusz-group.de\/en\/wp-json\/wp\/v2\/interview"}],"about":[{"href":"https:\/\/www.bplusz-group.de\/en\/wp-json\/wp\/v2\/types\/interview"}],"wp:featuredmedia":[{"embeddable":true,"href":"https:\/\/www.bplusz-group.de\/en\/wp-json\/wp\/v2\/media\/2523"}],"wp:attachment":[{"href":"https:\/\/www.bplusz-group.de\/en\/wp-json\/wp\/v2\/media?parent=2522"}],"curies":[{"name":"wp","href":"https:\/\/api.w.org\/{rel}","templated":true}]}}